{"id":13,"date":"2014-11-25T10:24:48","date_gmt":"2014-11-25T09:24:48","guid":{"rendered":"http:\/\/lig-membres.imag.fr\/denos\/?page_id=13"},"modified":"2025-09-12T10:17:59","modified_gmt":"2025-09-12T09:17:59","slug":"projets","status":"publish","type":"page","link":"https:\/\/lig-membres.imag.fr\/denos\/projets\/","title":{"rendered":"Projets"},"content":{"rendered":"<p><!--:fr--><em>Projet de recherche r\u00e9cent<\/em><\/p>\n<h2>Ayushi<\/h2>\n<p>Plate-forme d\u2019e-learning int\u00e9grant des ressources \u00e9ditoriales num\u00e9riques \u00e0 destination d\u2019\u00e9tudiants de niveau licence, en interaction avec l\u2019environnement p\u00e9dagogique des universit\u00e9s.<\/p>\n<p>Partenaires :\u00a0<a href=\"http:\/\/www.cairn.info\/\">CAIRN S.A.<\/a>\u00a0\/\u00a0<a href=\"http:\/\/www.enssib.fr\/\">ENSSIB<\/a><\/p>\n<p>Dur\u00e9e : janvier 2012 &#8211; juin 2014\u00a0<em>(suspendu \u00e0 mi-parcours)<\/em><\/p>\n<p><a href=\"http:\/\/investissement-avenir.gouvernement.fr\/sites\/default\/files\/user\/CP%20AAP%201%20e-education%20-%20annonce%20laur%C3%A9ats.pdf\">Investissement d&#8217;avenir \/ D\u00e9veloppement de l&#8217;\u00e9conomie num\u00e9rique \/ Technologies de l&#8217;e-\u00e9ducation<\/a><!--:--><!--:en--><em>Projet de recherche r\u00e9cent<\/em><\/p>\n<h2>Ayushi<\/h2>\n<p>Plate-forme d\u2019e-learning int\u00e9grant des ressources \u00e9ditoriales num\u00e9riques \u00e0 destination d\u2019\u00e9tudiants de niveau licence, en interaction avec l\u2019environnement p\u00e9dagogique des universit\u00e9s.<\/p>\n<p>Partenaires :\u00a0<a href=\"http:\/\/www.cairn.info\/\">CAIRN S.A.<\/a>\u00a0\/\u00a0<a href=\"http:\/\/www.enssib.fr\/\">ENSSIB<\/a>\u00a0&#8211; Dur\u00e9e : janvier 2012 &#8211; juin 2014<\/p>\n<p><a href=\"http:\/\/investissement-avenir.gouvernement.fr\/sites\/default\/files\/user\/CP%20AAP%201%20e-education%20-%20annonce%20laur%C3%A9ats.pdf\">Investissement d&#8217;avenir \/ D\u00e9veloppement de l&#8217;\u00e9conomie num\u00e9rique \/ Technologies de l&#8217;e-\u00e9ducation<\/a><!--:--><\/p>\n<div id=\"ir-ext-ui\" style=\"color: #000000; font-size: 16px; line-height: 16px; background-color: #f7f7f7; border: 1px solid #999999; border-radius: 1px; top: 1px; left: 1px;\">\n<div class=\"ir-ext-dimensions\"><span class=\"ir-ext-rendered\" title=\"Rendered image dimensions (after any scaling\/resizing has been applied)\"> x <\/span> <span class=\"ir-ext-natural\" title=\"Natural image dimensions (without applying any scaling\/resizing)\"> (x) <\/span><\/div>\n<div class=\"ir-ext-filesize\"><\/div>\n<\/div>\n<div id=\"ir-ext-ui\" style=\"color: #000000; font-size: 16px; line-height: 16px; background-color: #f7f7f7; border: 1px solid #999999; border-radius: 1px; top: 1px; left: 1px;\">\n<div class=\"ir-ext-dimensions\"><span class=\"ir-ext-rendered\" title=\"Rendered image dimensions (after any scaling\/resizing has been applied)\"> x <\/span> <span class=\"ir-ext-natural\" title=\"Natural image dimensions (without applying any scaling\/resizing)\"> (x) <\/span><\/div>\n<div class=\"ir-ext-filesize\"><\/div>\n<\/div>\n","protected":false},"excerpt":{"rendered":"<p>Projet de recherche r\u00e9cent Ayushi Plate-forme d\u2019e-learning int\u00e9grant des ressources \u00e9ditoriales num\u00e9riques \u00e0 destination d\u2019\u00e9tudiants de niveau licence, en interaction avec l\u2019environnement p\u00e9dagogique des universit\u00e9s. Partenaires :\u00a0CAIRN S.A.\u00a0\/\u00a0ENSSIB Dur\u00e9e : janvier 2012 &#8211; juin 2014\u00a0(suspendu \u00e0 mi-parcours) Investissement d&#8217;avenir \/ &hellip;<\/p>\n<p class=\"read-more\"> <a class=\"more-link\" href=\"https:\/\/lig-membres.imag.fr\/denos\/projets\/\"> <span class=\"screen-reader-text\">Projets<\/span> En lire plus &raquo;<\/a><\/p>\n","protected":false},"author":174,"featured_media":0,"parent":0,"menu_order":0,"comment_status":"closed","ping_status":"closed","template":"","meta":{"footnotes":""},"class_list":["post-13","page","type-page","status-publish","hentry"],"_links":{"self":[{"href":"https:\/\/lig-membres.imag.fr\/denos\/wp-json\/wp\/v2\/pages\/13","targetHints":{"allow":["GET"]}}],"collection":[{"href":"https:\/\/lig-membres.imag.fr\/denos\/wp-json\/wp\/v2\/pages"}],"about":[{"href":"https:\/\/lig-membres.imag.fr\/denos\/wp-json\/wp\/v2\/types\/page"}],"author":[{"embeddable":true,"href":"https:\/\/lig-membres.imag.fr\/denos\/wp-json\/wp\/v2\/users\/174"}],"replies":[{"embeddable":true,"href":"https:\/\/lig-membres.imag.fr\/denos\/wp-json\/wp\/v2\/comments?post=13"}],"version-history":[{"count":5,"href":"https:\/\/lig-membres.imag.fr\/denos\/wp-json\/wp\/v2\/pages\/13\/revisions"}],"predecessor-version":[{"id":36,"href":"https:\/\/lig-membres.imag.fr\/denos\/wp-json\/wp\/v2\/pages\/13\/revisions\/36"}],"wp:attachment":[{"href":"https:\/\/lig-membres.imag.fr\/denos\/wp-json\/wp\/v2\/media?parent=13"}],"curies":[{"name":"wp","href":"https:\/\/api.w.org\/{rel}","templated":true}]}}