{"id":2,"date":"2014-11-25T08:55:49","date_gmt":"2014-11-25T08:55:49","guid":{"rendered":"http:\/\/lig-membres.imag.fr\/denos\/?page_id=2"},"modified":"2025-09-12T10:17:31","modified_gmt":"2025-09-12T09:17:31","slug":"nathalie-denos","status":"publish","type":"page","link":"https:\/\/lig-membres.imag.fr\/denos\/","title":{"rendered":"Nathalie Denos"},"content":{"rendered":"<p><!--:fr--><\/p>\n<table>\n<tbody>\n<tr>\n<td style=\"vertical-align: middle;\">\n<h1>Enseignant-chercheur en informatique<\/h1>\n<\/td>\n<td style=\"vertical-align: middle;\"><img loading=\"lazy\" decoding=\"async\" class=\"alignnone size-full wp-image-16\" src=\"http:\/\/lig-membres.imag.fr\/denos\/wp-content\/uploads\/sites\/172\/2014\/11\/nat30.jpg\" alt=\"Photo Nathalie Denos\" width=\"203\" height=\"198\" \/><\/td>\n<\/tr>\n<\/tbody>\n<\/table>\n<table>\n<tbody>\n<tr>\n<td style=\"vertical-align: middle;\">\n<h2>Recherche<\/h2>\n<p>Laboratoire <a href=\"http:\/\/liglab.fr\/\">LIG<\/a><\/p>\n<ul>\n<li>Chercheur dans l&#8217;\u00e9quipe <a title=\"MRIM\" href=\"http:\/\/lig-mrim.imag.fr\" target=\"_blank\" rel=\"noopener\">MRIM<\/a> &#8211; Mod\u00e9lisation en Recherche d&#8217;Information Multim\u00e9dia<\/li>\n<\/ul>\n<div class=\"contact\"><a href=\"mailto:nathalie.denos@imag.fr\">nathalie.denos@imag.fr<\/a> \/ +33 (0)4 76 51 49 15<\/div>\n<p class=\"decale\"><a title=\"Projets\" href=\"http:\/\/lig-membres.imag.fr\/denos\/projets\/\" target=\"_blank\" rel=\"noopener\">Projets de recherche r\u00e9cents<\/a><\/p>\n<\/td>\n<td style=\"vertical-align: middle;\"><img loading=\"lazy\" decoding=\"async\" class=\"aligncenter wp-image-21\" src=\"http:\/\/lig-membres.imag.fr\/denos\/wp-content\/uploads\/sites\/172\/2014\/11\/Logo-lig-4.png\" alt=\"Logo-lig-4\" width=\"130\" height=\"101\" \/><\/td>\n<\/tr>\n<\/tbody>\n<\/table>\n<table>\n<tbody>\n<tr>\n<td>\n<h2>Enseignement<\/h2>\n<p>Universit\u00e9 Pierre Mend\u00e8s France (<a href=\"http:\/\/www.upmf-grenoble.fr\/\">UPMF<\/a> &#8211; Grenoble 2)<\/p>\n<div class=\"decale\">\n<ul>\n<li>Charg\u00e9e de mission \u201cComp\u00e9tences num\u00e9riques et C2i\u201d \u00e0 l\u2019UPMF<\/li>\n<li>Enseignante \u00e0 la <a href=\"http:\/\/economie.upmf-grenoble.fr\/\">Facult\u00e9 d&#8217;\u00e9conomie de Grenoble<\/a> et coordinatrice des enseignements d&#8217;informatique<\/li>\n<\/ul>\n<p class=\"contact\"><a href=\"mailto:nathalie.denos@upmf-grenoble.fr\">nathalie.denos@upmf-grenoble.fr<\/a> \/ +33 (0)4 76 82 57 31<\/p>\n<\/div>\n<\/td>\n<td style=\"vertical-align: middle;\"><img loading=\"lazy\" decoding=\"async\" class=\"alignnone wp-image-22\" src=\"http:\/\/lig-membres.imag.fr\/denos\/wp-content\/uploads\/sites\/172\/2014\/11\/logoUPMF.png\" alt=\"logoUPMF\" width=\"130\" height=\"99\" \/><\/td>\n<\/tr>\n<\/tbody>\n<\/table>\n<table>\n<tbody>\n<tr>\n<td style=\"vertical-align: middle;\">\n<h2>Mise \u00e0 disposition\u00a040%<\/h2>\n<p><a href=\"http:\/\/www.enseignementsup-recherche.gouv.fr\/\">MENESR<\/a><\/p>\n<div class=\"decale\">\n<ul>\n<li>Pilotage du C2i au MENESR \/ MiPES et MNES (Mission de la P\u00e9dagogie et Mission Num\u00e9rique pour l\u2019Enseignement Sup\u00e9rieur)<\/li>\n<\/ul>\n<div class=\"contact\"><a title=\"nathalie.denos@enseignementsup.gouv.fr\" href=\"mailto:nathalie.denos@enseignementsup.gouv.fr\">nathalie.denos@enseignementsup.gouv.fr<\/a><\/div>\n<\/div>\n<\/td>\n<td style=\"vertical-align: middle;\"><img loading=\"lazy\" decoding=\"async\" class=\"alignnone size-full wp-image-27\" src=\"http:\/\/lig-membres.imag.fr\/denos\/wp-content\/uploads\/sites\/172\/2014\/11\/2014_logomenesr_web.jpg\" alt=\"2014_logomenesr_web\" width=\"118\" height=\"171\" \/><\/td>\n<\/tr>\n<\/tbody>\n<\/table>\n<h3><\/h3>\n<div class=\"decale\"><\/div>\n<p><!--:--><!--:en--><\/p>\n<table>\n<tbody>\n<tr>\n<td>\n<h2>Enseignant-chercheur en informatique<\/h2>\n<\/td>\n<td><img loading=\"lazy\" decoding=\"async\" class=\"alignnone size-full wp-image-16\" src=\"http:\/\/lig-membres.imag.fr\/denos\/wp-content\/uploads\/sites\/172\/2014\/11\/nat30.jpg\" alt=\"Photo Nathalie Denos\" width=\"203\" height=\"198\" \/><\/td>\n<\/tr>\n<\/tbody>\n<\/table>\n<h2 style=\"text-align: left;\">Recherche<\/h2>\n<p>Laboratoire <a href=\"http:\/\/liglab.fr\/\">LIG<\/a><\/p>\n<div class=\"decale\">\n<ul>\n<li>Chercheur dans l&#8217;\u00e9quipe <a title=\"MRIM\" href=\"http:\/\/lig-mrim.imag.fr\" target=\"_blank\" rel=\"noopener\">MRIM<\/a> &#8211; Mod\u00e9lisation en Recherche d&#8217;Information Multim\u00e9dia<\/li>\n<\/ul>\n<div class=\"contact\"><a href=\"mailto:nathalie.denos@imag.fr\">nathalie.denos@imag.fr<\/a> \/ +33 (0)4 76 51 49 15<\/div>\n<p class=\"contact\"><a title=\"Projets\" href=\"http:\/\/lig-membres.imag.fr\/denos\/projets\/\" target=\"_blank\" rel=\"noopener\">Projets de recherche r\u00e9cents<\/a><\/p>\n<\/div>\n<h3>Enseignement<\/h3>\n<p>Universit\u00e9 Pierre Mend\u00e8s France (<a href=\"http:\/\/www.upmf-grenoble.fr\/\">UPMF<\/a> &#8211; Grenoble 2)<\/p>\n<div class=\"decale\">\n<ul>\n<li>Charg\u00e9e de mission \u201cComp\u00e9tences num\u00e9riques et C2i\u201d \u00e0 l\u2019UPMF<\/li>\n<li>Enseignante \u00e0 la <a href=\"http:\/\/economie.upmf-grenoble.fr\/\">Facult\u00e9 d&#8217;\u00e9conomie de Grenoble<\/a> et coordinatrice des enseignements d&#8217;informatique<\/li>\n<\/ul>\n<div class=\"contact\"><a href=\"mailto:nathalie.denos@upmf-grenoble.fr\">nathalie.denos@upmf-grenoble.fr<\/a> \/ +33 (0)4 76 82 57 31<\/div>\n<\/div>\n<h3>Mise \u00e0 disposition\u00a040%<\/h3>\n<p>MENESR<\/p>\n<div class=\"decale\">\n<ul>\n<li>Pilotage du C2i au MENESR \/ MiPES et MNES (Mission de la P\u00e9dagogie et Mission Num\u00e9rique pour l\u2019Enseignement Sup\u00e9rieur)<\/li>\n<\/ul>\n<div class=\"contact\"><a title=\"nathalie.denos@enseignementsup.gouv.fr\" href=\"mailto:nathalie.denos@enseignementsup.gouv.fr\">nathalie.denos@enseignementsup.gouv.fr<\/a><\/div>\n<div class=\"contact\"><\/div>\n<div class=\"contact\"><\/div>\n<\/div>\n<p><!--:--><\/p>\n<div id=\"ir-ext-ui\" style=\"color: #000000; font-size: 16px; line-height: 16px; background-color: #f7f7f7; border: 1px solid #999999; border-radius: 1px; top: 1px; left: 1px; display: none;\">\n<div class=\"ir-ext-dimensions\"><span class=\"ir-ext-rendered\" title=\"Rendered image dimensions (after any scaling\/resizing has been applied)\"> <span data-ir-ext-width=\"\">203<\/span>x<span data-ir-ext-height=\"\">198<\/span> <\/span> <span class=\"ir-ext-natural\" style=\"display: none;\" title=\"Natural image dimensions (without applying any scaling\/resizing)\"> (<span data-ir-ext-width=\"\">0<\/span>x<span data-ir-ext-height=\"\">0<\/span>) <\/span><\/div>\n<div class=\"ir-ext-filesize\"><span title=\"31916 bytes\" data-ir-ext-value=\"\">31.17<\/span> <span title=\"Kilobyte: 1 KB = 2^10 (1024) bytes\" data-ir-ext-unit=\"\">KB<\/span><\/div>\n<\/div>\n<div id=\"ir-ext-ui\" style=\"color: #000000; font-size: 16px; line-height: 16px; background-color: #f7f7f7; border: 1px solid #999999; border-radius: 1px; top: 1px; left: 1px;\">\n<div class=\"ir-ext-dimensions\"><span class=\"ir-ext-rendered\" title=\"Rendered image dimensions (after any scaling\/resizing has been applied)\"> x <\/span> <span class=\"ir-ext-natural\" title=\"Natural image dimensions (without applying any scaling\/resizing)\"> (x) <\/span><\/div>\n<div class=\"ir-ext-filesize\"><\/div>\n<\/div>\n","protected":false},"excerpt":{"rendered":"<p>Enseignant-chercheur en informatique Recherche Laboratoire LIG Chercheur dans l&#8217;\u00e9quipe MRIM &#8211; Mod\u00e9lisation en Recherche d&#8217;Information Multim\u00e9dia nathalie.denos@imag.fr \/ +33 (0)4 76 51 49 15 Projets de recherche r\u00e9cents Enseignement Universit\u00e9 Pierre Mend\u00e8s France (UPMF &#8211; Grenoble 2) Charg\u00e9e de mission &hellip;<\/p>\n<p class=\"read-more\"> <a class=\"more-link\" href=\"https:\/\/lig-membres.imag.fr\/denos\/\"> <span class=\"screen-reader-text\">Nathalie Denos<\/span> En lire plus &raquo;<\/a><\/p>\n","protected":false},"author":174,"featured_media":0,"parent":0,"menu_order":0,"comment_status":"closed","ping_status":"closed","template":"","meta":{"footnotes":""},"class_list":["post-2","page","type-page","status-publish","hentry"],"_links":{"self":[{"href":"https:\/\/lig-membres.imag.fr\/denos\/wp-json\/wp\/v2\/pages\/2","targetHints":{"allow":["GET"]}}],"collection":[{"href":"https:\/\/lig-membres.imag.fr\/denos\/wp-json\/wp\/v2\/pages"}],"about":[{"href":"https:\/\/lig-membres.imag.fr\/denos\/wp-json\/wp\/v2\/types\/page"}],"author":[{"embeddable":true,"href":"https:\/\/lig-membres.imag.fr\/denos\/wp-json\/wp\/v2\/users\/174"}],"replies":[{"embeddable":true,"href":"https:\/\/lig-membres.imag.fr\/denos\/wp-json\/wp\/v2\/comments?post=2"}],"version-history":[{"count":15,"href":"https:\/\/lig-membres.imag.fr\/denos\/wp-json\/wp\/v2\/pages\/2\/revisions"}],"predecessor-version":[{"id":35,"href":"https:\/\/lig-membres.imag.fr\/denos\/wp-json\/wp\/v2\/pages\/2\/revisions\/35"}],"wp:attachment":[{"href":"https:\/\/lig-membres.imag.fr\/denos\/wp-json\/wp\/v2\/media?parent=2"}],"curies":[{"name":"wp","href":"https:\/\/api.w.org\/{rel}","templated":true}]}}