{"id":25,"date":"2026-03-24T10:26:01","date_gmt":"2026-03-24T10:26:01","guid":{"rendered":"https:\/\/lig-membres.imag.fr\/ditursif\/?page_id=25"},"modified":"2026-03-26T15:23:27","modified_gmt":"2026-03-26T15:23:27","slug":"cv-synthetique","status":"publish","type":"page","link":"https:\/\/lig-membres.imag.fr\/ditursif\/cv-synthetique\/","title":{"rendered":"CV Synth\u00e9tique"},"content":{"rendered":"\n<p class=\"has-large-font-size\">Parcours acad\u00e9mique<\/p>\n\n\n\n<ul class=\"wp-block-list has-medium-font-size\">\n<li>2018-2024 &#8211; <strong>Doctorat de g\u00e9ographie<\/strong> &#8211; Laboratoire PLACES, CY Cergy-Paris Universit\u00e9<\/li>\n\n\n\n<li>2016-2018 &#8211; <strong>Master\u00a0de G\u00e9omatique <\/strong>appliqu\u00e9e aux Etudes Urbaines et aux Risques \u2013 CY Cergy-Paris Universit\u00e9<\/li>\n\n\n\n<li>2013-2016 &#8211; <strong>Licence de G\u00e9ographie et Am\u00e9nagement du Territoire<\/strong> \u2013 Universit\u00e9 Lumi\u00e8re Lyon II<\/li>\n\n\n\n<li>2013 &#8211; <strong>Baccalaur\u00e9at<\/strong> Economique et Social \u2013 Lyc\u00e9e Louis et Auguste Lumi\u00e8re (Lyon VIIIe)<\/li>\n<\/ul>\n\n\n\n<div class=\"wp-block-group is-nowrap is-layout-flex wp-container-core-group-is-layout-6c531013 wp-block-group-is-layout-flex\"><\/div>\n\n\n\n<p class=\"has-large-font-size\"><strong>Exp\u00e9riences d\u2019enseignement et de recherche<\/strong><\/p>\n\n\n\n<ul class=\"wp-block-list has-medium-font-size\">\n<li>Depuis novembre 2025 &#8211; <strong>Post-doctorante en science des donn\u00e9es <\/strong>\u2013 Universit\u00e9 Grenoble Alpes<\/li>\n\n\n\n<li>Sept.2024-Ao\u00fbt 2025 &#8211; ATER &#8211; Institut d&#8217;Urbanisme et de G\u00e9ographie Alpine (Laboratoire PACTE)<\/li>\n\n\n\n<li>Sept. 2023 &#8211; Ao\u00fbt 2024 &#8211; ATER (mi-temps) &#8211; CY Cergy-Paris Universit\u00e9 (D\u00e9partement de G\u00e9ographie, Laboratoire PLACES)<\/li>\n\n\n\n<li>Oct. 2018 &#8211; F\u00e9vrier 2022 &#8211; Doctorante contractuelle \u00e0 CY Cergy-Paris Universit\u00e9 (Laboratoire PLACES)<\/li>\n<\/ul>\n","protected":false},"excerpt":{"rendered":"<p>Parcours acad\u00e9mique Exp\u00e9riences d\u2019enseignement et de recherche<\/p>\n","protected":false},"author":961,"featured_media":0,"parent":0,"menu_order":0,"comment_status":"closed","ping_status":"closed","template":"","meta":{"footnotes":""},"class_list":["post-25","page","type-page","status-publish","hentry"],"_links":{"self":[{"href":"https:\/\/lig-membres.imag.fr\/ditursif\/wp-json\/wp\/v2\/pages\/25","targetHints":{"allow":["GET"]}}],"collection":[{"href":"https:\/\/lig-membres.imag.fr\/ditursif\/wp-json\/wp\/v2\/pages"}],"about":[{"href":"https:\/\/lig-membres.imag.fr\/ditursif\/wp-json\/wp\/v2\/types\/page"}],"author":[{"embeddable":true,"href":"https:\/\/lig-membres.imag.fr\/ditursif\/wp-json\/wp\/v2\/users\/961"}],"replies":[{"embeddable":true,"href":"https:\/\/lig-membres.imag.fr\/ditursif\/wp-json\/wp\/v2\/comments?post=25"}],"version-history":[{"count":2,"href":"https:\/\/lig-membres.imag.fr\/ditursif\/wp-json\/wp\/v2\/pages\/25\/revisions"}],"predecessor-version":[{"id":65,"href":"https:\/\/lig-membres.imag.fr\/ditursif\/wp-json\/wp\/v2\/pages\/25\/revisions\/65"}],"wp:attachment":[{"href":"https:\/\/lig-membres.imag.fr\/ditursif\/wp-json\/wp\/v2\/media?parent=25"}],"curies":[{"name":"wp","href":"https:\/\/api.w.org\/{rel}","templated":true}]}}